{"id":11610,"date":"2024-11-04T16:50:38","date_gmt":"2024-11-04T21:50:38","guid":{"rendered":"https:\/\/kerrfinancial.ca\/portfolio-items\/carmen-melfi\/"},"modified":"2025-02-18T18:30:23","modified_gmt":"2025-02-18T23:30:23","slug":"carmen-melfi","status":"publish","type":"avada_portfolio","link":"https:\/\/kerrfinancial.ca\/fr\/portfolio-items\/carmen-melfi\/","title":{"rendered":"Carmen Melfi"},"content":{"rendered":"<div class=\"fusion-fullwidth fullwidth-box fusion-builder-row-1 fusion-flex-container nonhundred-percent-fullwidth non-hundred-percent-height-scrolling\" style=\"--awb-border-radius-top-left:0px;--awb-border-radius-top-right:0px;--awb-border-radius-bottom-right:0px;--awb-border-radius-bottom-left:0px;--awb-flex-wrap:wrap;\" ><div class=\"fusion-builder-row fusion-row fusion-flex-align-items-flex-start fusion-flex-content-wrap\" style=\"max-width:1248px;margin-left: calc(-4% \/ 2 );margin-right: calc(-4% \/ 2 );\"><div class=\"fusion-layout-column fusion_builder_column fusion-builder-column-0 fusion_builder_column_1_1 1_1 fusion-flex-column\" style=\"--awb-padding-right-small:0px;--awb-padding-left-small:0px;--awb-bg-blend:overlay;--awb-bg-size:cover;--awb-width-large:100%;--awb-margin-top-large:0px;--awb-spacing-right-large:1.92%;--awb-margin-bottom-large:0px;--awb-spacing-left-large:1.92%;--awb-width-medium:100%;--awb-spacing-right-medium:1.92%;--awb-spacing-left-medium:1.92%;--awb-width-small:100%;--awb-margin-top-small:40px;--awb-spacing-right-small:0px;--awb-spacing-left-small:0px;\"><div class=\"fusion-column-wrapper fusion-flex-justify-content-flex-start fusion-content-layout-column\"><ul style=\"--awb-margin-top:0px;--awb-margin-bottom:20px;--awb-item-padding-top:0px;--awb-item-padding-bottom:0px;--awb-iconcolor:var(--awb-color4);--awb-line-height:27.2px;--awb-icon-width:27.2px;--awb-icon-height:27.2px;--awb-icon-margin:11.2px;--awb-content-margin:38.4px;\" class=\"fusion-checklist fusion-checklist-1 type-icons\"><li class=\"fusion-li-item\" style=\"\"><span class=\"icon-wrapper circle-no\"><i class=\"fusion-li-icon fa-arrow-left fas\" aria-hidden=\"true\"><\/i><\/span><div class=\"fusion-li-item-content\"><a href=\"https:\/\/kerrfinancial.ca\/fr\/a-notre-propos\/lequipe-kerr\/\">Retour \u00e0 l&rsquo;\u00e9quipe de Kerr<\/a><\/div><\/li><\/ul><div class=\"fusion-title title fusion-title-1 fusion-sep-none fusion-title-text fusion-title-size-one\" style=\"--awb-margin-bottom:10px;\"><h1 class=\"fusion-title-heading title-heading-left fusion-responsive-typography-calculated\" style=\"margin:0;--fontSize:50;line-height:var(--awb-typography1-line-height);\">Carmen Melfi<\/h1><\/div><div class=\"fusion-title title fusion-title-2 fusion-sep-none fusion-title-text fusion-title-size-five\" style=\"--awb-text-color:var(--awb-color8);--awb-margin-top:0px;\"><h5 class=\"fusion-title-heading title-heading-left fusion-responsive-typography-calculated\" style=\"margin:0;--fontSize:20;line-height:var(--awb-typography1-line-height);\">Directrice financi\u00e8re; Directrice des services de comptabilit\u00e9 aux clients<\/h5><\/div><div class=\"fusion-text fusion-text-1\" style=\"--awb-text-color:var(--awb-color8);--awb-margin-top:0px;\"><p>CPA (Ontario)<\/p>\n<\/div><div class=\"fusion-text fusion-text-2\" style=\"--awb-text-color:var(--awb-color8);--awb-margin-top:20px;\"><p>En tant que Directrice financi\u00e8re (CFO), Carmen g\u00e8re l&rsquo;ensemble des op\u00e9rations financi\u00e8res du Cabinet financier Kerr et de toutes les entit\u00e9s affili\u00e9es qui le composent. Au titre de Directrice des services de comptabilit\u00e9 aux clients, Carmen assume parall\u00e8lement la responsabilit\u00e9 des services de comptabilit\u00e9 d&rsquo;entreprise et de fiscalit\u00e9, ainsi que des services en fiscalit\u00e9 des particuliers pour nos clients de Montr\u00e9al, auxquels elle apporte \u00e9galement un soutien en mati\u00e8re de planification fiscale et financi\u00e8re.<\/p>\n<\/div><div class=\"fusion-title title fusion-title-3 fusion-sep-none fusion-title-text fusion-title-size-four\" style=\"--awb-margin-top:40px;--awb-margin-bottom:0px;--awb-margin-top-small:40px;\"><h4 class=\"fusion-title-heading title-heading-left fusion-responsive-typography-calculated\" style=\"margin:0;--fontSize:28;line-height:var(--awb-typography1-line-height);\">Formation acad\u00e9mique, titres professionnels et certifications<\/h4><\/div><ul style=\"--awb-iconcolor:var(--awb-color4);--awb-line-height:27.2px;--awb-icon-width:27.2px;--awb-icon-height:27.2px;--awb-icon-margin:11.2px;--awb-content-margin:38.4px;\" class=\"fusion-checklist fusion-checklist-2 fusion-checklist-default type-icons\"><li class=\"fusion-li-item\" style=\"\"><span class=\"icon-wrapper circle-no\"><i class=\"fusion-li-icon fa-minus fas\" aria-hidden=\"true\"><\/i><\/span><div class=\"fusion-li-item-content\">Comptable professionnel agr\u00e9\u00e9 (CPA)<\/div><\/li><li class=\"fusion-li-item\" style=\"\"><span class=\"icon-wrapper circle-no\"><i class=\"fusion-li-icon fa-minus fas\" aria-hidden=\"true\"><\/i><\/span><div class=\"fusion-li-item-content\">Certificat d&rsquo;expert-comptable, Universit\u00e9 McGill<\/div><\/li><li class=\"fusion-li-item\" style=\"\"><span class=\"icon-wrapper circle-no\"><i class=\"fusion-li-icon fa-minus fas\" aria-hidden=\"true\"><\/i><\/span><div class=\"fusion-li-item-content\">Baccalaur\u00e9at en sciences, Universit\u00e9 Concordia<\/div><\/li><\/ul><div class=\"fusion-title title fusion-title-4 fusion-sep-none fusion-title-text fusion-title-size-four\" style=\"--awb-margin-top:40px;--awb-margin-bottom:0px;--awb-margin-top-small:40px;--awb-margin-bottom-small:0px;\"><h4 class=\"fusion-title-heading title-heading-left fusion-responsive-typography-calculated\" style=\"margin:0;--fontSize:28;line-height:var(--awb-typography1-line-height);\">Parcours professionnel<\/h4><\/div><div class=\"fusion-text fusion-text-3\" style=\"--awb-text-color:var(--awb-color8);--awb-margin-top:20px;\"><p>Carmen a commenc\u00e9 sa carri\u00e8re au sein d\u2019un grand cabinet comptable, o\u00f9 elle a acquis de solides connaissances en mati\u00e8re de comptabilit\u00e9 et d&rsquo;audit. Apr\u00e8s avoir \u00e9t\u00e9 promue au titre de Directrice, elle a \u0153uvr\u00e9 pour un d\u00e9taillant de produits de luxe de grand renomm\u00e9e, au titre de Directrice de la comptabilit\u00e9 et des rapports financiers, ce qui lui a permis d\u2019en g\u00e9rer les op\u00e9rations financi\u00e8res tout en perfectionnant ses comp\u00e9tences en mati\u00e8re de rapports d&rsquo;entreprise et de conformit\u00e9. C\u2019est en 2008 qu\u2019elle se joint au Cabinet financier Kerr, apportant avec elle une riche exp\u00e9rience en gestion financi\u00e8re de haut niveau.<\/p>\n<\/div><div class=\"fusion-title title fusion-title-5 fusion-sep-none fusion-title-text fusion-title-size-four\" style=\"--awb-margin-top:40px;--awb-margin-bottom:0px;--awb-margin-top-small:40px;\"><h4 class=\"fusion-title-heading title-heading-left fusion-responsive-typography-calculated\" style=\"margin:0;--fontSize:28;line-height:var(--awb-typography1-line-height);\">Domaines de sp\u00e9cialisation et expertise<\/h4><\/div><ul style=\"--awb-iconcolor:var(--awb-color4);--awb-line-height:27.2px;--awb-icon-width:27.2px;--awb-icon-height:27.2px;--awb-icon-margin:11.2px;--awb-content-margin:38.4px;\" class=\"fusion-checklist fusion-checklist-3 fusion-checklist-default type-icons\"><li class=\"fusion-li-item\" style=\"\"><span class=\"icon-wrapper circle-no\"><i class=\"fusion-li-icon fa-minus fas\" aria-hidden=\"true\"><\/i><\/span><div class=\"fusion-li-item-content\">Gestion globale de tous les aspects li\u00e9s \u00e0 la comptabilit\u00e9 d\u2019entreprise et pour les particuliers, avec une expertise sp\u00e9cialis\u00e9e en pr\u00e9paration de d\u00e9clarations fiscales autant pour les particuliers que pour les entreprises, en planification fiscale et en strat\u00e9gies de conformit\u00e9 afin d&rsquo;optimiser les r\u00e9sultats financiers.<\/div><\/li><li class=\"fusion-li-item\" style=\"\"><span class=\"icon-wrapper circle-no\"><i class=\"fusion-li-icon fa-minus fas\" aria-hidden=\"true\"><\/i><\/span><div class=\"fusion-li-item-content\">Vaste exp\u00e9rience en mati\u00e8re de rapports financiers, de surveillance et de conformit\u00e9 r\u00e9glementaire, garantissant l&rsquo;exactitude, la transparence et l&rsquo;alignement strat\u00e9gique sur les objectifs du client et de l\u2019entreprise.<\/div><\/li><\/ul><div class=\"fusion-title title fusion-title-6 fusion-sep-none fusion-title-text fusion-title-size-four\" style=\"--awb-margin-top:40px;--awb-margin-bottom:0px;--awb-margin-top-small:40px;\"><h4 class=\"fusion-title-heading title-heading-left fusion-responsive-typography-calculated\" style=\"margin:0;--fontSize:28;line-height:var(--awb-typography1-line-height);\">Entreprises<\/h4><\/div><ul style=\"--awb-iconcolor:var(--awb-color4);--awb-line-height:27.2px;--awb-icon-width:27.2px;--awb-icon-height:27.2px;--awb-icon-margin:11.2px;--awb-content-margin:38.4px;\" class=\"fusion-checklist fusion-checklist-4 fusion-checklist-default type-icons\"><li class=\"fusion-li-item\" style=\"\"><span class=\"icon-wrapper circle-no\"><i class=\"fusion-li-icon fa-minus fas\" aria-hidden=\"true\"><\/i><\/span><div class=\"fusion-li-item-content\"><strong>Conseillers financiers Kerr inc. (CFK) \u2013<\/strong> Carmen d\u00e9livre des services de planification financi\u00e8re, de comptabilit\u00e9, de fiscalit\u00e9 et d&rsquo;administration de successions par le biais de CFK.<\/div><\/li><\/ul><div class=\"fusion-text fusion-text-4\" style=\"--awb-text-color:var(--awb-color8);--awb-margin-top:20px;\"><p>En tant que Directrice financi\u00e8re, Carmen supervise les op\u00e9rations financi\u00e8res et strat\u00e9giques du Groupe financier Kerr, qui englobe les Conseillers en placements Kerr inc., Conseillers financiers Kerr inc. et Corporation financi\u00e8re professionnelle Kerr.<\/p>\n<\/div><div class=\"fusion-title title fusion-title-7 fusion-sep-none fusion-title-text fusion-title-size-four\" style=\"--awb-margin-top:40px;--awb-margin-bottom:0px;--awb-margin-top-small:40px;\"><h4 class=\"fusion-title-heading title-heading-left fusion-responsive-typography-calculated\" style=\"margin:0;--fontSize:28;line-height:var(--awb-typography1-line-height);\">Segments de services sp\u00e9cialis\u00e9s<\/h4><\/div><ul style=\"--awb-iconcolor:var(--awb-color4);--awb-line-height:27.2px;--awb-icon-width:27.2px;--awb-icon-height:27.2px;--awb-icon-margin:11.2px;--awb-content-margin:38.4px;\" class=\"fusion-checklist fusion-checklist-5 fusion-checklist-default type-icons\"><li class=\"fusion-li-item\" style=\"\"><span class=\"icon-wrapper circle-no\"><i class=\"fusion-li-icon fa-minus fas\" aria-hidden=\"true\"><\/i><\/span><div class=\"fusion-li-item-content\"><a href=\"https:\/\/kerrfinancial.ca\/fr\/fondements\/\">Fondements Kerr<\/a><\/div><\/li><li class=\"fusion-li-item\" style=\"\"><span class=\"icon-wrapper circle-no\"><i class=\"fusion-li-icon fa-minus fas\" aria-hidden=\"true\"><\/i><\/span><div class=\"fusion-li-item-content\"><a href=\"https:\/\/kerrfinancial.ca\/fr\/gestion-integree\/\">Gestion int\u00e9gr\u00e9e Kerr<\/a><\/div><\/li><li class=\"fusion-li-item\" style=\"\"><span class=\"icon-wrapper circle-no\"><i class=\"fusion-li-icon fa-minus fas\" aria-hidden=\"true\"><\/i><\/span><div class=\"fusion-li-item-content\"><a href=\"https:\/\/kerrfinancial.ca\/fr\/bureau-de-gestion-de-patrimoine-familial\/\">Bureau de gestion de patrimoine familial Kerr<\/a><\/div><\/li><\/ul><\/div><\/div><\/div><\/div>\n","protected":false},"excerpt":{"rendered":"<p>Directrice financi\u00e8re; Directrice des services de comptabilit\u00e9 aux clients<\/p>\n","protected":false},"author":19,"featured_media":11801,"menu_order":0,"comment_status":"closed","ping_status":"closed","template":"","format":"standard","meta":{"footnotes":""},"portfolio_category":[937,938,936,939],"portfolio_skills":[],"portfolio_tags":[],"class_list":["post-11610","avada_portfolio","type-avada_portfolio","status-publish","format-standard","has-post-thumbnail","hentry","portfolio_category-bureau-de-gestion-de-patrimoine-familial-kerr","portfolio_category-conseillers-financiers-kerr-inc","portfolio_category-gestion-integree-kerr","portfolio_category-membres-de-la-haute-direction"],"yoast_head":"<!-- This site is optimized with the Yoast SEO plugin v27.4 - https:\/\/yoast.com\/product\/yoast-seo-wordpress\/ -->\n<title>Carmen Melfi - Kerr Financial<\/title>\n<meta name=\"robots\" content=\"index, follow, max-snippet:-1, max-image-preview:large, max-video-preview:-1\" \/>\n<link rel=\"canonical\" href=\"https:\/\/kerrfinancial.ca\/portfolio-items\/carmen-melfi\/\" \/>\n<meta property=\"og:locale\" content=\"fr_FR\" \/>\n<meta property=\"og:type\" content=\"article\" \/>\n<meta property=\"og:title\" content=\"Carmen Melfi - Kerr Financial\" \/>\n<meta property=\"og:description\" content=\"Directrice financi\u00e8re; Directrice des services de comptabilit\u00e9 aux clients\" \/>\n<meta property=\"og:url\" content=\"https:\/\/kerrfinancial.ca\/portfolio-items\/carmen-melfi\/\" \/>\n<meta property=\"og:site_name\" content=\"Kerr Financial\" \/>\n<meta property=\"article:modified_time\" content=\"2025-02-18T23:30:23+00:00\" \/>\n<meta property=\"og:image\" content=\"https:\/\/kerrfinancial.ca\/wp-content\/uploads\/2024\/11\/CarmenMelfi_1503RT1-_HighRez.jpg\" \/>\n\t<meta property=\"og:image:width\" content=\"700\" \/>\n\t<meta property=\"og:image:height\" content=\"700\" \/>\n\t<meta property=\"og:image:type\" content=\"image\/jpeg\" \/>\n<meta name=\"twitter:card\" content=\"summary_large_image\" \/>\n<meta name=\"twitter:label1\" content=\"Dur\u00e9e de lecture estim\u00e9e\" \/>\n\t<meta name=\"twitter:data1\" content=\"9 minutes\" \/>\n<script type=\"application\/ld+json\" class=\"yoast-schema-graph\">{\"@context\":\"https:\\\/\\\/schema.org\",\"@graph\":[{\"@type\":\"WebPage\",\"@id\":\"https:\\\/\\\/kerrfinancial.ca\\\/portfolio-items\\\/carmen-melfi\\\/\",\"url\":\"https:\\\/\\\/kerrfinancial.ca\\\/portfolio-items\\\/carmen-melfi\\\/\",\"name\":\"Carmen Melfi - Kerr Financial\",\"isPartOf\":{\"@id\":\"https:\\\/\\\/kerrfinancial.ca\\\/#website\"},\"primaryImageOfPage\":{\"@id\":\"https:\\\/\\\/kerrfinancial.ca\\\/portfolio-items\\\/carmen-melfi\\\/#primaryimage\"},\"image\":{\"@id\":\"https:\\\/\\\/kerrfinancial.ca\\\/portfolio-items\\\/carmen-melfi\\\/#primaryimage\"},\"thumbnailUrl\":\"https:\\\/\\\/kerrfinancial.ca\\\/wp-content\\\/uploads\\\/2024\\\/11\\\/CarmenMelfi_1503RT1-_HighRez.jpg\",\"datePublished\":\"2024-11-04T21:50:38+00:00\",\"dateModified\":\"2025-02-18T23:30:23+00:00\",\"breadcrumb\":{\"@id\":\"https:\\\/\\\/kerrfinancial.ca\\\/portfolio-items\\\/carmen-melfi\\\/#breadcrumb\"},\"inLanguage\":\"fr-FR\",\"potentialAction\":[{\"@type\":\"ReadAction\",\"target\":[\"https:\\\/\\\/kerrfinancial.ca\\\/portfolio-items\\\/carmen-melfi\\\/\"]}]},{\"@type\":\"ImageObject\",\"inLanguage\":\"fr-FR\",\"@id\":\"https:\\\/\\\/kerrfinancial.ca\\\/portfolio-items\\\/carmen-melfi\\\/#primaryimage\",\"url\":\"https:\\\/\\\/kerrfinancial.ca\\\/wp-content\\\/uploads\\\/2024\\\/11\\\/CarmenMelfi_1503RT1-_HighRez.jpg\",\"contentUrl\":\"https:\\\/\\\/kerrfinancial.ca\\\/wp-content\\\/uploads\\\/2024\\\/11\\\/CarmenMelfi_1503RT1-_HighRez.jpg\",\"width\":700,\"height\":700},{\"@type\":\"BreadcrumbList\",\"@id\":\"https:\\\/\\\/kerrfinancial.ca\\\/portfolio-items\\\/carmen-melfi\\\/#breadcrumb\",\"itemListElement\":[{\"@type\":\"ListItem\",\"position\":1,\"name\":\"Home\",\"item\":\"https:\\\/\\\/kerrfinancial.ca\\\/fr\\\/\"},{\"@type\":\"ListItem\",\"position\":2,\"name\":\"Portfolio\",\"item\":\"https:\\\/\\\/kerrfinancial.ca\\\/fr\\\/portfolio-items\\\/\"},{\"@type\":\"ListItem\",\"position\":3,\"name\":\"Carmen Melfi\"}]},{\"@type\":\"WebSite\",\"@id\":\"https:\\\/\\\/kerrfinancial.ca\\\/#website\",\"url\":\"https:\\\/\\\/kerrfinancial.ca\\\/\",\"name\":\"Kerr Financial\",\"description\":\"\",\"potentialAction\":[{\"@type\":\"SearchAction\",\"target\":{\"@type\":\"EntryPoint\",\"urlTemplate\":\"https:\\\/\\\/kerrfinancial.ca\\\/?s={search_term_string}\"},\"query-input\":{\"@type\":\"PropertyValueSpecification\",\"valueRequired\":true,\"valueName\":\"search_term_string\"}}],\"inLanguage\":\"fr-FR\"}]}<\/script>\n<!-- \/ Yoast SEO plugin. -->","yoast_head_json":{"title":"Carmen Melfi - Kerr Financial","robots":{"index":"index","follow":"follow","max-snippet":"max-snippet:-1","max-image-preview":"max-image-preview:large","max-video-preview":"max-video-preview:-1"},"canonical":"https:\/\/kerrfinancial.ca\/portfolio-items\/carmen-melfi\/","og_locale":"fr_FR","og_type":"article","og_title":"Carmen Melfi - Kerr Financial","og_description":"Directrice financi\u00e8re; Directrice des services de comptabilit\u00e9 aux clients","og_url":"https:\/\/kerrfinancial.ca\/portfolio-items\/carmen-melfi\/","og_site_name":"Kerr Financial","article_modified_time":"2025-02-18T23:30:23+00:00","og_image":[{"width":700,"height":700,"url":"https:\/\/kerrfinancial.ca\/wp-content\/uploads\/2024\/11\/CarmenMelfi_1503RT1-_HighRez.jpg","type":"image\/jpeg"}],"twitter_card":"summary_large_image","twitter_misc":{"Dur\u00e9e de lecture estim\u00e9e":"9 minutes"},"schema":{"@context":"https:\/\/schema.org","@graph":[{"@type":"WebPage","@id":"https:\/\/kerrfinancial.ca\/portfolio-items\/carmen-melfi\/","url":"https:\/\/kerrfinancial.ca\/portfolio-items\/carmen-melfi\/","name":"Carmen Melfi - Kerr Financial","isPartOf":{"@id":"https:\/\/kerrfinancial.ca\/#website"},"primaryImageOfPage":{"@id":"https:\/\/kerrfinancial.ca\/portfolio-items\/carmen-melfi\/#primaryimage"},"image":{"@id":"https:\/\/kerrfinancial.ca\/portfolio-items\/carmen-melfi\/#primaryimage"},"thumbnailUrl":"https:\/\/kerrfinancial.ca\/wp-content\/uploads\/2024\/11\/CarmenMelfi_1503RT1-_HighRez.jpg","datePublished":"2024-11-04T21:50:38+00:00","dateModified":"2025-02-18T23:30:23+00:00","breadcrumb":{"@id":"https:\/\/kerrfinancial.ca\/portfolio-items\/carmen-melfi\/#breadcrumb"},"inLanguage":"fr-FR","potentialAction":[{"@type":"ReadAction","target":["https:\/\/kerrfinancial.ca\/portfolio-items\/carmen-melfi\/"]}]},{"@type":"ImageObject","inLanguage":"fr-FR","@id":"https:\/\/kerrfinancial.ca\/portfolio-items\/carmen-melfi\/#primaryimage","url":"https:\/\/kerrfinancial.ca\/wp-content\/uploads\/2024\/11\/CarmenMelfi_1503RT1-_HighRez.jpg","contentUrl":"https:\/\/kerrfinancial.ca\/wp-content\/uploads\/2024\/11\/CarmenMelfi_1503RT1-_HighRez.jpg","width":700,"height":700},{"@type":"BreadcrumbList","@id":"https:\/\/kerrfinancial.ca\/portfolio-items\/carmen-melfi\/#breadcrumb","itemListElement":[{"@type":"ListItem","position":1,"name":"Home","item":"https:\/\/kerrfinancial.ca\/fr\/"},{"@type":"ListItem","position":2,"name":"Portfolio","item":"https:\/\/kerrfinancial.ca\/fr\/portfolio-items\/"},{"@type":"ListItem","position":3,"name":"Carmen Melfi"}]},{"@type":"WebSite","@id":"https:\/\/kerrfinancial.ca\/#website","url":"https:\/\/kerrfinancial.ca\/","name":"Kerr Financial","description":"","potentialAction":[{"@type":"SearchAction","target":{"@type":"EntryPoint","urlTemplate":"https:\/\/kerrfinancial.ca\/?s={search_term_string}"},"query-input":{"@type":"PropertyValueSpecification","valueRequired":true,"valueName":"search_term_string"}}],"inLanguage":"fr-FR"}]}},"_links":{"self":[{"href":"https:\/\/kerrfinancial.ca\/fr\/wp-json\/wp\/v2\/avada_portfolio\/11610","targetHints":{"allow":["GET"]}}],"collection":[{"href":"https:\/\/kerrfinancial.ca\/fr\/wp-json\/wp\/v2\/avada_portfolio"}],"about":[{"href":"https:\/\/kerrfinancial.ca\/fr\/wp-json\/wp\/v2\/types\/avada_portfolio"}],"author":[{"embeddable":true,"href":"https:\/\/kerrfinancial.ca\/fr\/wp-json\/wp\/v2\/users\/19"}],"replies":[{"embeddable":true,"href":"https:\/\/kerrfinancial.ca\/fr\/wp-json\/wp\/v2\/comments?post=11610"}],"version-history":[{"count":0,"href":"https:\/\/kerrfinancial.ca\/fr\/wp-json\/wp\/v2\/avada_portfolio\/11610\/revisions"}],"wp:featuredmedia":[{"embeddable":true,"href":"https:\/\/kerrfinancial.ca\/fr\/wp-json\/wp\/v2\/media\/11801"}],"wp:attachment":[{"href":"https:\/\/kerrfinancial.ca\/fr\/wp-json\/wp\/v2\/media?parent=11610"}],"wp:term":[{"taxonomy":"portfolio_category","embeddable":true,"href":"https:\/\/kerrfinancial.ca\/fr\/wp-json\/wp\/v2\/portfolio_category?post=11610"},{"taxonomy":"portfolio_skills","embeddable":true,"href":"https:\/\/kerrfinancial.ca\/fr\/wp-json\/wp\/v2\/portfolio_skills?post=11610"},{"taxonomy":"portfolio_tags","embeddable":true,"href":"https:\/\/kerrfinancial.ca\/fr\/wp-json\/wp\/v2\/portfolio_tags?post=11610"}],"curies":[{"name":"wp","href":"https:\/\/api.w.org\/{rel}","templated":true}]}}